{"id":10663,"date":"2024-06-12T13:53:18","date_gmt":"2024-06-12T13:53:18","guid":{"rendered":"https:\/\/aflamo.shop\/p\/aflamo-majestic-pro-153\/"},"modified":"2026-04-03T07:44:28","modified_gmt":"2026-04-03T07:44:28","slug":"aflamo-majestic-pro-153-chimenea-electrica-empotrada-de-pared-led","status":"publish","type":"product","link":"https:\/\/aflamo.shop\/es\/p\/aflamo-majestic-pro-153-chimenea-electrica-empotrada-de-pared-led\/","title":{"rendered":"Aflamo Majestic PRO 153 &#8211; chimenea el\u00e9ctrica empotrada\/de pared LED"},"content":{"rendered":"<p><iframe title=\"YouTube video player\" src=\"https:\/\/www.youtube.com\/embed\/6EtM1fpCRZw?si=f91HBUkBLoWRv3tj\" width=\"560\" height=\"315\" frameborder=\"0\" allowfullscreen=\"allowfullscreen\"><\/iframe><\/p>\n<h2><strong>Chimenea el\u00e9ctrica de pared LED Majestic PRO \u2013 lujo y tecnolog\u00eda en tu hogar<\/strong><\/h2>\n<p><strong>Majestic PRO<\/strong> es una chimenea que establece un nuevo est\u00e1ndar en el mundo de las chimeneas el\u00e9ctricas. Sus funciones avanzadas y el realista efecto de la llama convierten cada noche a su luz en una experiencia \u00fanica. Es la combinaci\u00f3n perfecta de tecnolog\u00eda moderna, comodidad de uso y un dise\u00f1o elegante que aporta una atm\u00f3sfera especial a cualquier espacio.<\/p>\n<h3><strong>Caracter\u00edsticas del producto:<\/strong><\/h3>\n<ul>\n<li><strong>Tecnolog\u00eda Majestic PRO<\/strong> \u2013 la avanzada tecnolog\u00eda de esta chimenea lleva la experiencia visual y de uso a un nuevo nivel. La <strong>llama AFLAMO PLUS<\/strong> es el efecto de llama m\u00e1s realista disponible en el mercado, ofreciendo una luz c\u00e1lida que se esparce por toda la habitaci\u00f3n como si fuera fuego real.<\/li>\n<\/ul>\n<p><img fetchpriority=\"high\" decoding=\"async\" class=\"aligncenter wp-image-10584 size-full\" src=\"https:\/\/aflamo.shop\/wp-content\/uploads\/2024\/06\/unique_flame_majestic-pro.jpg\" alt=\"\" width=\"492\" height=\"300\" srcset=\"https:\/\/aflamo.shop\/wp-content\/uploads\/2024\/06\/unique_flame_majestic-pro.jpg 492w, https:\/\/aflamo.shop\/wp-content\/uploads\/2024\/06\/unique_flame_majestic-pro-300x183.jpg 300w\" sizes=\"(max-width: 492px) 100vw, 492px\" \/><\/p>\n<ul>\n<li><strong>Sonido realista de le\u00f1a ardiendo<\/strong> \u2013 la chimenea incluye un altavoz incorporado que reproduce el sonido aut\u00e9ntico de la madera crepitando. As\u00ed, no solo podr\u00e1s disfrutar del fuego visualmente, sino tambi\u00e9n sentirte como si estuvieras frente a una chimenea tradicional, escuchando el reconfortante sonido del fuego.<\/li>\n<\/ul>\n<p><img decoding=\"async\" class=\"aligncenter wp-image-10587 size-full\" src=\"https:\/\/aflamo.shop\/wp-content\/uploads\/2024\/06\/unique_sound_majestic-pro.jpg\" alt=\"\" width=\"492\" height=\"300\" srcset=\"https:\/\/aflamo.shop\/wp-content\/uploads\/2024\/06\/unique_sound_majestic-pro.jpg 492w, https:\/\/aflamo.shop\/wp-content\/uploads\/2024\/06\/unique_sound_majestic-pro-300x183.jpg 300w\" sizes=\"(max-width: 492px) 100vw, 492px\" \/><\/p>\n<p>&nbsp;<\/p>\n<ul>\n<li><strong>10 colores de llama e iluminaci\u00f3n del lecho de fuego<\/strong> \u2013 la chimenea ofrece la posibilidad de elegir entre diez colores de llama y de iluminaci\u00f3n, lo que te permite adaptar la apariencia del fuego a tu estado de \u00e1nimo o a la decoraci\u00f3n del interior.<\/li>\n<\/ul>\n<p><img decoding=\"async\" class=\"aligncenter wp-image-10596 \" src=\"https:\/\/aflamo.shop\/wp-content\/uploads\/2024\/06\/Majestic_PRO_flame_colors.jpg\" alt=\"\" width=\"473\" height=\"310\" srcset=\"https:\/\/aflamo.shop\/wp-content\/uploads\/2024\/06\/Majestic_PRO_flame_colors.jpg 637w, https:\/\/aflamo.shop\/wp-content\/uploads\/2024\/06\/Majestic_PRO_flame_colors-600x394.jpg 600w, https:\/\/aflamo.shop\/wp-content\/uploads\/2024\/06\/Majestic_PRO_flame_colors-300x197.jpg 300w\" sizes=\"(max-width: 473px) 100vw, 473px\" \/><\/p>\n<ul>\n<li><strong>2 opciones de lecho de fuego: le\u00f1os y cristales<\/strong><\/li>\n<\/ul>\n<p><img loading=\"lazy\" decoding=\"async\" class=\"aligncenter wp-image-10693 size-full\" src=\"https:\/\/aflamo.shop\/wp-content\/uploads\/2024\/06\/polana_krysztaly-e1603875138523.png\" alt=\"\" width=\"413\" height=\"297\" srcset=\"https:\/\/aflamo.shop\/wp-content\/uploads\/2024\/06\/polana_krysztaly-e1603875138523.png 413w, https:\/\/aflamo.shop\/wp-content\/uploads\/2024\/06\/polana_krysztaly-e1603875138523-300x216.png 300w\" sizes=\"(max-width: 413px) 100vw, 413px\" \/><\/p>\n<ul>\n<li><strong>Aplicaci\u00f3n m\u00f3vil<\/strong> \u2013 controla la chimenea desde cualquier lugar. Con la aplicaci\u00f3n dedicada para dispositivos Android e iOS, puedes gestionar todas las funciones de la chimenea desde tu tel\u00e9fono. Tambi\u00e9n admite comandos de voz a trav\u00e9s de Amazon Alexa.<\/li>\n<\/ul>\n<p><img loading=\"lazy\" decoding=\"async\" class=\"aligncenter wp-image-10593 size-full\" src=\"https:\/\/aflamo.shop\/wp-content\/uploads\/2024\/06\/unique_app_majestic-pro.jpg\" alt=\"\" width=\"492\" height=\"300\" srcset=\"https:\/\/aflamo.shop\/wp-content\/uploads\/2024\/06\/unique_app_majestic-pro.jpg 492w, https:\/\/aflamo.shop\/wp-content\/uploads\/2024\/06\/unique_app_majestic-pro-300x183.jpg 300w\" sizes=\"(max-width: 492px) 100vw, 492px\" \/><\/p>\n<h3><strong>Calefacci\u00f3n y comodidad de uso:<\/strong><\/h3>\n<ul>\n<li><strong>Funci\u00f3n de calefacci\u00f3n<\/strong> \u2013 Majestic PRO no solo embellece el espacio, sino que tambi\u00e9n act\u00faa como una eficiente fuente de calor. Con dos niveles de potencia (750W y 1500W), la chimenea calienta r\u00e1pidamente la habitaci\u00f3n, mientras que la regulaci\u00f3n autom\u00e1tica de temperatura (de 18 a 30\u00b0C) garantiza un confort t\u00e9rmico \u00f3ptimo.<\/li>\n<li><strong>Calefacci\u00f3n independiente del efecto de llama<\/strong> \u2013 puedes disfrutar del efecto de llama sin necesidad de activar la calefacci\u00f3n, permiti\u00e9ndote usar la chimenea durante todo el a\u00f1o, incluso en verano.<\/li>\n<li><strong>Seguridad<\/strong> \u2013 la chimenea est\u00e1 equipada con protecci\u00f3n contra el sobrecalentamiento y un sensor de ventana abierta. Estas funciones te aseguran que la chimenea se apagar\u00e1 autom\u00e1ticamente si detecta una subida de temperatura o una bajada repentina de temperatura en la habitaci\u00f3n.<\/li>\n<li><strong>Control remoto y temporizador<\/strong> \u2013 la chimenea incluye un mando a distancia que te permite controlar todas sus funciones sin levantarte del asiento. Adem\u00e1s, el temporizador permite programar el apagado autom\u00e1tico de la chimenea despu\u00e9s de un tiempo determinado.<\/li>\n<\/ul>\n<h3><strong>Resumen:<\/strong><\/h3>\n<p><strong>Majestic PRO<\/strong> es la combinaci\u00f3n perfecta de elegancia, tecnolog\u00eda moderna y comodidad. El realista efecto de la llama, la capacidad de cambiar sus colores y el sonido del crepitar de la madera crean una atm\u00f3sfera \u00fanica que har\u00e1 que cada noche en casa sea acogedora y especial. Gracias a sus avanzadas funciones de calefacci\u00f3n y control remoto, esta chimenea no solo es un elemento decorativo, sino tambi\u00e9n un dispositivo pr\u00e1ctico que incrementa tu confort diario. Es la elecci\u00f3n ideal para quienes desean combinar estilo y comodidad con tecnolog\u00eda innovadora.<\/p>\n<ul><strong><\/p>\n<p><a href=\"https:\/\/aflamo.shop\/wp-content\/uploads\/2024\/06\/Majestic-PRO_EN-PL-DE-IT-ES-FR-CS-SK-NL-4.pdf\">Manual de usuario y seguridad<\/a><\/p>\n<p><\/strong><\/ul>\n<p>&nbsp;<\/p>\n<h3><strong>Dibujos tecnicosstrong><\/h3>\n<p><strong>Majestic PRO 107<\/strong><\/p>\n<p><img loading=\"lazy\" decoding=\"async\" class=\"aligncenter wp-image-10597 size-full\" src=\"https:\/\/aflamo.shop\/wp-content\/uploads\/2024\/06\/Majestic_PRO_107-900x385-1.png\" alt=\"\" width=\"900\" height=\"385\" srcset=\"https:\/\/aflamo.shop\/wp-content\/uploads\/2024\/06\/Majestic_PRO_107-900x385-1.png 900w, https:\/\/aflamo.shop\/wp-content\/uploads\/2024\/06\/Majestic_PRO_107-900x385-1-600x257.png 600w, https:\/\/aflamo.shop\/wp-content\/uploads\/2024\/06\/Majestic_PRO_107-900x385-1-300x128.png 300w, https:\/\/aflamo.shop\/wp-content\/uploads\/2024\/06\/Majestic_PRO_107-900x385-1-768x329.png 768w\" sizes=\"(max-width: 900px) 100vw, 900px\" \/><\/p>\n<p>&nbsp;<\/p>\n<p><strong>Majestic PRO 128<\/strong><\/p>\n<p><img loading=\"lazy\" decoding=\"async\" class=\"aligncenter wp-image-10600 size-full\" src=\"https:\/\/aflamo.shop\/wp-content\/uploads\/2024\/06\/Majestic_PRO_128-900x371-1.png\" alt=\"\" width=\"900\" height=\"371\" srcset=\"https:\/\/aflamo.shop\/wp-content\/uploads\/2024\/06\/Majestic_PRO_128-900x371-1.png 900w, https:\/\/aflamo.shop\/wp-content\/uploads\/2024\/06\/Majestic_PRO_128-900x371-1-600x247.png 600w, https:\/\/aflamo.shop\/wp-content\/uploads\/2024\/06\/Majestic_PRO_128-900x371-1-300x124.png 300w, https:\/\/aflamo.shop\/wp-content\/uploads\/2024\/06\/Majestic_PRO_128-900x371-1-768x317.png 768w\" sizes=\"(max-width: 900px) 100vw, 900px\" \/><\/p>\n<p><strong>Majestic PRO 153<\/strong><\/p>\n<p><img loading=\"lazy\" decoding=\"async\" class=\"aligncenter wp-image-10603 size-full\" src=\"https:\/\/aflamo.shop\/wp-content\/uploads\/2024\/06\/Majestic_PRO_153-900x338-1.png\" alt=\"\" width=\"900\" height=\"338\" srcset=\"https:\/\/aflamo.shop\/wp-content\/uploads\/2024\/06\/Majestic_PRO_153-900x338-1.png 900w, https:\/\/aflamo.shop\/wp-content\/uploads\/2024\/06\/Majestic_PRO_153-900x338-1-600x225.png 600w, https:\/\/aflamo.shop\/wp-content\/uploads\/2024\/06\/Majestic_PRO_153-900x338-1-300x113.png 300w, https:\/\/aflamo.shop\/wp-content\/uploads\/2024\/06\/Majestic_PRO_153-900x338-1-768x288.png 768w\" sizes=\"(max-width: 900px) 100vw, 900px\" \/><\/p>\n<p><strong>Majestic PRO 183<\/strong><\/p>\n<p><img loading=\"lazy\" decoding=\"async\" class=\"aligncenter wp-image-10606 size-full\" src=\"https:\/\/aflamo.shop\/wp-content\/uploads\/2024\/06\/Majestic_PRO_183-900x302-1.png\" alt=\"\" width=\"900\" height=\"302\" srcset=\"https:\/\/aflamo.shop\/wp-content\/uploads\/2024\/06\/Majestic_PRO_183-900x302-1.png 900w, https:\/\/aflamo.shop\/wp-content\/uploads\/2024\/06\/Majestic_PRO_183-900x302-1-600x201.png 600w, https:\/\/aflamo.shop\/wp-content\/uploads\/2024\/06\/Majestic_PRO_183-900x302-1-300x101.png 300w, https:\/\/aflamo.shop\/wp-content\/uploads\/2024\/06\/Majestic_PRO_183-900x302-1-768x258.png 768w\" sizes=\"(max-width: 900px) 100vw, 900px\" \/><\/p>\n","protected":false},"excerpt":{"rendered":"<p>Productor: Aflamo<\/p>\n<p>GETIN: 5908283562794\t<\/p>\n<p>Chimenea el\u00e9ctrica LED de pared\/empotrable<\/p>\n<p><b>Modelo:<\/b><\/p>\n<ul>\n<li><a href=\"https:\/\/aflamo.shop\/es\/p\/aflamo-majestic-pro-107-chimenea-electrica-empotrada-de-pared-led\/\">107<\/a><\/li>\n<li><a href=\"https:\/\/aflamo.shop\/es\/p\/aflamo-majestic-pro-128-chimenea-electrica-empotrada-de-pared-led\/\">128<\/a><\/li>\n<li><a href=\"https:\/\/aflamo.shop\/es\/p\/aflamo-majestic-pro-153-chimenea-electrica-empotrada-de-pared-led\/\">153<\/a><\/li>\n<li><a href=\"https:\/\/aflamo.shop\/es\/p\/aflamo-majestic-pro-183-chimenea-electrica-empotrada-de-pared-led\/\">183<\/a><\/li>\n<\/ul>\n<p><b>Dimensiones:<\/b> 153 x 45 x 13 cm<\/p>\n","protected":false},"featured_media":10629,"comment_status":"open","ping_status":"closed","template":"","meta":[],"product_brand":[],"product_cat":[678,190,687,689,198,669,193,199],"product_tag":[357],"class_list":{"0":"post-10663","1":"product","2":"type-product","3":"status-publish","4":"has-post-thumbnail","6":"product_cat-aflamo","7":"product_cat-chimeneas-electricas","8":"product_cat-chimeneas-electricas-con-aplicacion-movil","9":"product_cat-chimeneas-electricas-con-sonido","10":"product_cat-chimeneas-electricas-led-con-funcion-de-calefaccion","11":"product_cat-chimeneas-electricas-led-de-pared","12":"product_cat-chimeneas-led-empotradas","13":"product_cat-insertos-electricos-led","14":"product_tag-max-es","16":"first","17":"instock","18":"shipping-taxable","19":"purchasable","20":"product-type-simple"},"yoast_head":"<!-- This site is optimized with the Yoast SEO plugin v27.4 - https:\/\/yoast.com\/product\/yoast-seo-wordpress\/ -->\n<title>Aflamo Majestic PRO 153 - chimenea el\u00e9ctrica empotrada\/de pared LED - aflamo.shop - distribuidor certificado de aflamo<\/title>\n<meta name=\"description\" content=\"Chimenea Majestic PRO \u2013 elegancia y tecnolog\u00eda moderna. Llama realista, cambio de color, sonido de madera crepitante y funci\u00f3n de calefacci\u00f3n.\" \/>\n<meta name=\"robots\" content=\"index, follow, max-snippet:-1, max-image-preview:large, max-video-preview:-1\" \/>\n<link rel=\"canonical\" href=\"https:\/\/aflamo.shop\/es\/p\/aflamo-majestic-pro-153-chimenea-electrica-empotrada-de-pared-led\/\" \/>\n<meta property=\"og:locale\" content=\"es_ES\" \/>\n<meta property=\"og:type\" content=\"article\" \/>\n<meta property=\"og:title\" content=\"Aflamo Majestic PRO 153 - chimenea el\u00e9ctrica empotrada\/de pared LED - aflamo.shop - distribuidor certificado de aflamo\" \/>\n<meta property=\"og:description\" content=\"Chimenea Majestic PRO \u2013 elegancia y tecnolog\u00eda moderna. Llama realista, cambio de color, sonido de madera crepitante y funci\u00f3n de calefacci\u00f3n.\" \/>\n<meta property=\"og:url\" content=\"https:\/\/aflamo.shop\/es\/p\/aflamo-majestic-pro-153-chimenea-electrica-empotrada-de-pared-led\/\" \/>\n<meta property=\"og:site_name\" content=\"aflamo.shop - distribuidor certificado de aflamo\" \/>\n<meta property=\"article:modified_time\" content=\"2026-04-03T07:44:28+00:00\" \/>\n<meta property=\"og:image\" content=\"https:\/\/aflamo.shop\/wp-content\/uploads\/2024\/06\/Majestic_PRO_front_logs_5-1.jpg\" \/>\n\t<meta property=\"og:image:width\" content=\"2048\" \/>\n\t<meta property=\"og:image:height\" content=\"2048\" \/>\n\t<meta property=\"og:image:type\" content=\"image\/jpeg\" \/>\n<meta name=\"twitter:card\" content=\"summary_large_image\" \/>\n<meta name=\"twitter:label1\" content=\"Tiempo de lectura\" \/>\n\t<meta name=\"twitter:data1\" content=\"6 minutos\" \/>\n<script type=\"application\/ld+json\" class=\"yoast-schema-graph\">{\"@context\":\"https:\\\/\\\/schema.org\",\"@graph\":[{\"@type\":\"WebPage\",\"@id\":\"https:\\\/\\\/aflamo.shop\\\/es\\\/p\\\/aflamo-majestic-pro-153-chimenea-electrica-empotrada-de-pared-led\\\/\",\"url\":\"https:\\\/\\\/aflamo.shop\\\/es\\\/p\\\/aflamo-majestic-pro-153-chimenea-electrica-empotrada-de-pared-led\\\/\",\"name\":\"Aflamo Majestic PRO 153 - chimenea el\u00e9ctrica empotrada\\\/de pared LED - aflamo.shop - distribuidor certificado de aflamo\",\"isPartOf\":{\"@id\":\"https:\\\/\\\/aflamo.shop\\\/es\\\/#website\"},\"primaryImageOfPage\":{\"@id\":\"https:\\\/\\\/aflamo.shop\\\/es\\\/p\\\/aflamo-majestic-pro-153-chimenea-electrica-empotrada-de-pared-led\\\/#primaryimage\"},\"image\":{\"@id\":\"https:\\\/\\\/aflamo.shop\\\/es\\\/p\\\/aflamo-majestic-pro-153-chimenea-electrica-empotrada-de-pared-led\\\/#primaryimage\"},\"thumbnailUrl\":\"https:\\\/\\\/aflamo.shop\\\/wp-content\\\/uploads\\\/2024\\\/06\\\/Majestic_PRO_front_logs_5-1.jpg\",\"datePublished\":\"2024-06-12T13:53:18+00:00\",\"dateModified\":\"2026-04-03T07:44:28+00:00\",\"description\":\"Chimenea Majestic PRO \u2013 elegancia y tecnolog\u00eda moderna. Llama realista, cambio de color, sonido de madera crepitante y funci\u00f3n de calefacci\u00f3n.\",\"breadcrumb\":{\"@id\":\"https:\\\/\\\/aflamo.shop\\\/es\\\/p\\\/aflamo-majestic-pro-153-chimenea-electrica-empotrada-de-pared-led\\\/#breadcrumb\"},\"inLanguage\":\"es\",\"potentialAction\":[{\"@type\":\"ReadAction\",\"target\":[\"https:\\\/\\\/aflamo.shop\\\/es\\\/p\\\/aflamo-majestic-pro-153-chimenea-electrica-empotrada-de-pared-led\\\/\"]}]},{\"@type\":\"ImageObject\",\"inLanguage\":\"es\",\"@id\":\"https:\\\/\\\/aflamo.shop\\\/es\\\/p\\\/aflamo-majestic-pro-153-chimenea-electrica-empotrada-de-pared-led\\\/#primaryimage\",\"url\":\"https:\\\/\\\/aflamo.shop\\\/wp-content\\\/uploads\\\/2024\\\/06\\\/Majestic_PRO_front_logs_5-1.jpg\",\"contentUrl\":\"https:\\\/\\\/aflamo.shop\\\/wp-content\\\/uploads\\\/2024\\\/06\\\/Majestic_PRO_front_logs_5-1.jpg\",\"width\":2048,\"height\":2048},{\"@type\":\"BreadcrumbList\",\"@id\":\"https:\\\/\\\/aflamo.shop\\\/es\\\/p\\\/aflamo-majestic-pro-153-chimenea-electrica-empotrada-de-pared-led\\\/#breadcrumb\",\"itemListElement\":[{\"@type\":\"ListItem\",\"position\":1,\"name\":\"P\u00e1gina principal\",\"item\":\"https:\\\/\\\/aflamo.shop\\\/es\\\/\"},{\"@type\":\"ListItem\",\"position\":2,\"name\":\"Tienda\",\"item\":\"https:\\\/\\\/aflamo.shop\\\/tienda\\\/\"},{\"@type\":\"ListItem\",\"position\":3,\"name\":\"Chimeneas el\u00e9ctricas\",\"item\":\"https:\\\/\\\/aflamo.shop\\\/es\\\/s\\\/chimeneas-electricas\\\/\"},{\"@type\":\"ListItem\",\"position\":4,\"name\":\"Aflamo Majestic PRO 153 &#8211; chimenea el\u00e9ctrica empotrada\\\/de pared LED\"}]},{\"@type\":\"WebSite\",\"@id\":\"https:\\\/\\\/aflamo.shop\\\/es\\\/#website\",\"url\":\"https:\\\/\\\/aflamo.shop\\\/es\\\/\",\"name\":\"aflamo.shop - distribuidor certificado de aflamo\",\"description\":\"Kominki elektryczne Aflamo i Emotion Flame z funkcj\u0105 grzania\",\"publisher\":{\"@id\":\"https:\\\/\\\/aflamo.shop\\\/es\\\/#organization\"},\"potentialAction\":[{\"@type\":\"SearchAction\",\"target\":{\"@type\":\"EntryPoint\",\"urlTemplate\":\"https:\\\/\\\/aflamo.shop\\\/es\\\/?s={search_term_string}\"},\"query-input\":{\"@type\":\"PropertyValueSpecification\",\"valueRequired\":true,\"valueName\":\"search_term_string\"}}],\"inLanguage\":\"es\"},{\"@type\":\"Organization\",\"@id\":\"https:\\\/\\\/aflamo.shop\\\/es\\\/#organization\",\"name\":\"aflamo.shop - distribuidor certificado de aflamo\",\"url\":\"https:\\\/\\\/aflamo.shop\\\/es\\\/\",\"logo\":{\"@type\":\"ImageObject\",\"inLanguage\":\"es\",\"@id\":\"https:\\\/\\\/aflamo.shop\\\/es\\\/#\\\/schema\\\/logo\\\/image\\\/\",\"url\":\"https:\\\/\\\/aflamo.shop\\\/wp-content\\\/uploads\\\/2019\\\/10\\\/logo2.1-1-1.svg\",\"contentUrl\":\"https:\\\/\\\/aflamo.shop\\\/wp-content\\\/uploads\\\/2019\\\/10\\\/logo2.1-1-1.svg\",\"caption\":\"aflamo.shop - distribuidor certificado de aflamo\"},\"image\":{\"@id\":\"https:\\\/\\\/aflamo.shop\\\/es\\\/#\\\/schema\\\/logo\\\/image\\\/\"}}]}<\/script>\n<!-- \/ Yoast SEO plugin. -->","yoast_head_json":{"title":"Aflamo Majestic PRO 153 - chimenea el\u00e9ctrica empotrada\/de pared LED - aflamo.shop - distribuidor certificado de aflamo","description":"Chimenea Majestic PRO \u2013 elegancia y tecnolog\u00eda moderna. Llama realista, cambio de color, sonido de madera crepitante y funci\u00f3n de calefacci\u00f3n.","robots":{"index":"index","follow":"follow","max-snippet":"max-snippet:-1","max-image-preview":"max-image-preview:large","max-video-preview":"max-video-preview:-1"},"canonical":"https:\/\/aflamo.shop\/es\/p\/aflamo-majestic-pro-153-chimenea-electrica-empotrada-de-pared-led\/","og_locale":"es_ES","og_type":"article","og_title":"Aflamo Majestic PRO 153 - chimenea el\u00e9ctrica empotrada\/de pared LED - aflamo.shop - distribuidor certificado de aflamo","og_description":"Chimenea Majestic PRO \u2013 elegancia y tecnolog\u00eda moderna. Llama realista, cambio de color, sonido de madera crepitante y funci\u00f3n de calefacci\u00f3n.","og_url":"https:\/\/aflamo.shop\/es\/p\/aflamo-majestic-pro-153-chimenea-electrica-empotrada-de-pared-led\/","og_site_name":"aflamo.shop - distribuidor certificado de aflamo","article_modified_time":"2026-04-03T07:44:28+00:00","og_image":[{"width":2048,"height":2048,"url":"https:\/\/aflamo.shop\/wp-content\/uploads\/2024\/06\/Majestic_PRO_front_logs_5-1.jpg","type":"image\/jpeg"}],"twitter_card":"summary_large_image","twitter_misc":{"Tiempo de lectura":"6 minutos"},"schema":{"@context":"https:\/\/schema.org","@graph":[{"@type":"WebPage","@id":"https:\/\/aflamo.shop\/es\/p\/aflamo-majestic-pro-153-chimenea-electrica-empotrada-de-pared-led\/","url":"https:\/\/aflamo.shop\/es\/p\/aflamo-majestic-pro-153-chimenea-electrica-empotrada-de-pared-led\/","name":"Aflamo Majestic PRO 153 - chimenea el\u00e9ctrica empotrada\/de pared LED - aflamo.shop - distribuidor certificado de aflamo","isPartOf":{"@id":"https:\/\/aflamo.shop\/es\/#website"},"primaryImageOfPage":{"@id":"https:\/\/aflamo.shop\/es\/p\/aflamo-majestic-pro-153-chimenea-electrica-empotrada-de-pared-led\/#primaryimage"},"image":{"@id":"https:\/\/aflamo.shop\/es\/p\/aflamo-majestic-pro-153-chimenea-electrica-empotrada-de-pared-led\/#primaryimage"},"thumbnailUrl":"https:\/\/aflamo.shop\/wp-content\/uploads\/2024\/06\/Majestic_PRO_front_logs_5-1.jpg","datePublished":"2024-06-12T13:53:18+00:00","dateModified":"2026-04-03T07:44:28+00:00","description":"Chimenea Majestic PRO \u2013 elegancia y tecnolog\u00eda moderna. Llama realista, cambio de color, sonido de madera crepitante y funci\u00f3n de calefacci\u00f3n.","breadcrumb":{"@id":"https:\/\/aflamo.shop\/es\/p\/aflamo-majestic-pro-153-chimenea-electrica-empotrada-de-pared-led\/#breadcrumb"},"inLanguage":"es","potentialAction":[{"@type":"ReadAction","target":["https:\/\/aflamo.shop\/es\/p\/aflamo-majestic-pro-153-chimenea-electrica-empotrada-de-pared-led\/"]}]},{"@type":"ImageObject","inLanguage":"es","@id":"https:\/\/aflamo.shop\/es\/p\/aflamo-majestic-pro-153-chimenea-electrica-empotrada-de-pared-led\/#primaryimage","url":"https:\/\/aflamo.shop\/wp-content\/uploads\/2024\/06\/Majestic_PRO_front_logs_5-1.jpg","contentUrl":"https:\/\/aflamo.shop\/wp-content\/uploads\/2024\/06\/Majestic_PRO_front_logs_5-1.jpg","width":2048,"height":2048},{"@type":"BreadcrumbList","@id":"https:\/\/aflamo.shop\/es\/p\/aflamo-majestic-pro-153-chimenea-electrica-empotrada-de-pared-led\/#breadcrumb","itemListElement":[{"@type":"ListItem","position":1,"name":"P\u00e1gina principal","item":"https:\/\/aflamo.shop\/es\/"},{"@type":"ListItem","position":2,"name":"Tienda","item":"https:\/\/aflamo.shop\/tienda\/"},{"@type":"ListItem","position":3,"name":"Chimeneas el\u00e9ctricas","item":"https:\/\/aflamo.shop\/es\/s\/chimeneas-electricas\/"},{"@type":"ListItem","position":4,"name":"Aflamo Majestic PRO 153 &#8211; chimenea el\u00e9ctrica empotrada\/de pared LED"}]},{"@type":"WebSite","@id":"https:\/\/aflamo.shop\/es\/#website","url":"https:\/\/aflamo.shop\/es\/","name":"aflamo.shop - distribuidor certificado de aflamo","description":"Kominki elektryczne Aflamo i Emotion Flame z funkcj\u0105 grzania","publisher":{"@id":"https:\/\/aflamo.shop\/es\/#organization"},"potentialAction":[{"@type":"SearchAction","target":{"@type":"EntryPoint","urlTemplate":"https:\/\/aflamo.shop\/es\/?s={search_term_string}"},"query-input":{"@type":"PropertyValueSpecification","valueRequired":true,"valueName":"search_term_string"}}],"inLanguage":"es"},{"@type":"Organization","@id":"https:\/\/aflamo.shop\/es\/#organization","name":"aflamo.shop - distribuidor certificado de aflamo","url":"https:\/\/aflamo.shop\/es\/","logo":{"@type":"ImageObject","inLanguage":"es","@id":"https:\/\/aflamo.shop\/es\/#\/schema\/logo\/image\/","url":"https:\/\/aflamo.shop\/wp-content\/uploads\/2019\/10\/logo2.1-1-1.svg","contentUrl":"https:\/\/aflamo.shop\/wp-content\/uploads\/2019\/10\/logo2.1-1-1.svg","caption":"aflamo.shop - distribuidor certificado de aflamo"},"image":{"@id":"https:\/\/aflamo.shop\/es\/#\/schema\/logo\/image\/"}}]}},"_links":{"self":[{"href":"https:\/\/aflamo.shop\/es\/wp-json\/wp\/v2\/product\/10663","targetHints":{"allow":["GET"]}}],"collection":[{"href":"https:\/\/aflamo.shop\/es\/wp-json\/wp\/v2\/product"}],"about":[{"href":"https:\/\/aflamo.shop\/es\/wp-json\/wp\/v2\/types\/product"}],"replies":[{"embeddable":true,"href":"https:\/\/aflamo.shop\/es\/wp-json\/wp\/v2\/comments?post=10663"}],"wp:featuredmedia":[{"embeddable":true,"href":"https:\/\/aflamo.shop\/es\/wp-json\/wp\/v2\/media\/10629"}],"wp:attachment":[{"href":"https:\/\/aflamo.shop\/es\/wp-json\/wp\/v2\/media?parent=10663"}],"wp:term":[{"taxonomy":"product_brand","embeddable":true,"href":"https:\/\/aflamo.shop\/es\/wp-json\/wp\/v2\/product_brand?post=10663"},{"taxonomy":"product_cat","embeddable":true,"href":"https:\/\/aflamo.shop\/es\/wp-json\/wp\/v2\/product_cat?post=10663"},{"taxonomy":"product_tag","embeddable":true,"href":"https:\/\/aflamo.shop\/es\/wp-json\/wp\/v2\/product_tag?post=10663"}],"curies":[{"name":"wp","href":"https:\/\/api.w.org\/{rel}","templated":true}]}}